{"id":1195,"date":"2024-07-15T18:39:30","date_gmt":"2024-07-15T16:39:30","guid":{"rendered":"https:\/\/masdelasabatera.com\/quienes-somos\/"},"modified":"2025-06-16T12:18:49","modified_gmt":"2025-06-16T10:18:49","slug":"quienes-somos","status":"publish","type":"page","link":"https:\/\/masdelasabatera.com\/es\/quienes-somos\/","title":{"rendered":"Qui\u00e9nes somos"},"content":{"rendered":"\t\t<div data-elementor-type=\"wp-page\" data-elementor-id=\"1195\" class=\"elementor elementor-1195 elementor-290\" data-elementor-post-type=\"page\">\n\t\t\t\t<div class=\"elementor-element elementor-element-97a835b e-con-full e-flex e-con e-parent\" data-id=\"97a835b\" data-element_type=\"container\" data-e-type=\"container\">\n\t\t<div class=\"elementor-element elementor-element-57d2301 e-con-full e-flex e-con e-child\" data-id=\"57d2301\" data-element_type=\"container\" data-e-type=\"container\">\n\t\t\t\t<div class=\"elementor-element elementor-element-4c22994 elementor-widget elementor-widget-heading\" data-id=\"4c22994\" data-element_type=\"widget\" data-e-type=\"widget\" data-widget_type=\"heading.default\">\n\t\t\t\t<div class=\"elementor-widget-container\">\n\t\t\t\t\t<h2 class=\"elementor-heading-title elementor-size-default\">Qui\u00e9nes somos<\/h2>\t\t\t\t<\/div>\n\t\t\t\t<\/div>\n\t\t\t\t<div class=\"elementor-element elementor-element-8c7cfdc elementor-widget elementor-widget-heading\" data-id=\"8c7cfdc\" data-element_type=\"widget\" data-e-type=\"widget\" data-widget_type=\"heading.default\">\n\t\t\t\t<div class=\"elementor-widget-container\">\n\t\t\t\t\t<h2 class=\"elementor-heading-title elementor-size-default\">Nosotros<\/h2>\t\t\t\t<\/div>\n\t\t\t\t<\/div>\n\t\t\t\t<\/div>\n\t\t\t\t<\/div>\n\t\t<div class=\"elementor-element elementor-element-46b39d7 e-con-full e-flex e-con e-parent\" data-id=\"46b39d7\" data-element_type=\"container\" data-e-type=\"container\">\n\t\t\t\t<div class=\"elementor-element elementor-element-c5af1d9 elementor-widget__width-initial elementor-widget elementor-widget-image\" data-id=\"c5af1d9\" data-element_type=\"widget\" data-e-type=\"widget\" data-widget_type=\"image.default\">\n\t\t\t\t<div class=\"elementor-widget-container\">\n\t\t\t\t\t\t\t\t\t\t\t\t\t\t\t<img fetchpriority=\"high\" decoding=\"async\" width=\"2200\" height=\"1467\" src=\"https:\/\/masdelasabatera.com\/wp-content\/uploads\/2024\/08\/nosaltres-familia-mas-de-la-sabatera.jpg\" class=\"attachment-full size-full wp-image-954\" alt=\"\" srcset=\"https:\/\/masdelasabatera.com\/wp-content\/uploads\/2024\/08\/nosaltres-familia-mas-de-la-sabatera.jpg 2200w, https:\/\/masdelasabatera.com\/wp-content\/uploads\/2024\/08\/nosaltres-familia-mas-de-la-sabatera-300x200.jpg 300w, https:\/\/masdelasabatera.com\/wp-content\/uploads\/2024\/08\/nosaltres-familia-mas-de-la-sabatera-1024x683.jpg 1024w, https:\/\/masdelasabatera.com\/wp-content\/uploads\/2024\/08\/nosaltres-familia-mas-de-la-sabatera-768x512.jpg 768w, https:\/\/masdelasabatera.com\/wp-content\/uploads\/2024\/08\/nosaltres-familia-mas-de-la-sabatera-1536x1024.jpg 1536w, https:\/\/masdelasabatera.com\/wp-content\/uploads\/2024\/08\/nosaltres-familia-mas-de-la-sabatera-2048x1366.jpg 2048w, https:\/\/masdelasabatera.com\/wp-content\/uploads\/2024\/08\/nosaltres-familia-mas-de-la-sabatera-800x533.jpg 800w\" sizes=\"(max-width: 2200px) 100vw, 2200px\" \/>\t\t\t\t\t\t\t\t\t\t\t\t\t\t\t<\/div>\n\t\t\t\t<\/div>\n\t\t<div class=\"elementor-element elementor-element-13e2abd e-con-full e-flex e-con e-child\" data-id=\"13e2abd\" data-element_type=\"container\" data-e-type=\"container\">\n\t\t\t\t<div class=\"elementor-element elementor-element-edbc01d elementor-widget__width-inherit elementor-widget elementor-widget-heading\" data-id=\"edbc01d\" data-element_type=\"widget\" data-e-type=\"widget\" data-widget_type=\"heading.default\">\n\t\t\t\t<div class=\"elementor-widget-container\">\n\t\t\t\t\t<h2 class=\"elementor-heading-title elementor-size-default\">El coraz\u00f3n<\/h2>\t\t\t\t<\/div>\n\t\t\t\t<\/div>\n\t\t\t\t<div class=\"elementor-element elementor-element-42ffd81 elementor-widget__width-inherit elementor-widget elementor-widget-text-editor\" data-id=\"42ffd81\" data-element_type=\"widget\" data-e-type=\"widget\" data-widget_type=\"text-editor.default\">\n\t\t\t\t<div class=\"elementor-widget-container\">\n\t\t\t\t\t\t\t\t\t<p>Ayer generaciones y generaciones, hoy padre e hijo. No hemos encontrado el esp\u00edritu santo todav\u00eda, pero si sabemos donde est\u00e1 el coraz\u00f3n detr\u00e1s de este proyecto.<\/p>\n<p style=\"font-weight: 400;\">\u00abEn el 2020 mi padre, Xavi, me pregunt\u00f3 que si tanto me gusta el vino por qu\u00e9 no empez\u00e1bamos a hacerlo nosotros mismos con nuestra propia uva, \u00a1no fuera por falta de uva!\u00bb \u2014 Edu Pallar\u00e9s<\/p>\n\t\t\t\t\t\t\t\t<\/div>\n\t\t\t\t<\/div>\n\t\t\t\t<div class=\"elementor-element elementor-element-d0421af elementor-widget__width-inherit elementor-widget elementor-widget-text-editor\" data-id=\"d0421af\" data-element_type=\"widget\" data-e-type=\"widget\" data-widget_type=\"text-editor.default\">\n\t\t\t\t<div class=\"elementor-widget-container\">\n\t\t\t\t\t\t\t\t\t<p style=\"font-weight: 400;\">Visto que uva tenemos, quiz\u00e1s lo que nos faltaba era darle valor. Por ello decidimos empezar a hacer <strong>micro vinificaciones<\/strong> de parcelas seleccionadas donde <strong>priorizamos la calidad de la uva y la salud de la tierra.<\/strong> <\/p>\n<p>Poco a poco estamos permiti\u00e9ndonos ser m\u00e1s rom\u00e1nticos con lo que hacemos y lo que nos rodea. Poco a poco estamos permiti\u00e9ndonos ser m\u00e1s creativos con lo que hacemos. Poco a poco estamos permiti\u00e9ndonos darle valor a aquello que hemos heredado.  <\/p>\n\t\t\t\t\t\t\t\t<\/div>\n\t\t\t\t<\/div>\n\t\t\t\t<\/div>\n\t\t\t\t<\/div>\n\t\t<div class=\"elementor-element elementor-element-11be951 e-con-full e-flex e-con e-parent\" data-id=\"11be951\" data-element_type=\"container\" data-e-type=\"container\">\n\t\t\t\t<div class=\"elementor-element elementor-element-998e4cc elementor-widget-divider--view-line elementor-widget elementor-widget-divider\" data-id=\"998e4cc\" data-element_type=\"widget\" data-e-type=\"widget\" data-widget_type=\"divider.default\">\n\t\t\t\t<div class=\"elementor-widget-container\">\n\t\t\t\t\t\t\t<div class=\"elementor-divider\">\n\t\t\t<span class=\"elementor-divider-separator\">\n\t\t\t\t\t\t<\/span>\n\t\t<\/div>\n\t\t\t\t\t\t<\/div>\n\t\t\t\t<\/div>\n\t\t\t\t<\/div>\n\t\t<div class=\"elementor-element elementor-element-29af4af e-flex e-con-boxed e-con e-parent\" data-id=\"29af4af\" data-element_type=\"container\" data-e-type=\"container\">\n\t\t\t\t\t<div class=\"e-con-inner\">\n\t\t\t\t<div class=\"elementor-element elementor-element-d96404c elementor-widget__width-inherit elementor-widget elementor-widget-heading\" data-id=\"d96404c\" data-element_type=\"widget\" data-e-type=\"widget\" data-widget_type=\"heading.default\">\n\t\t\t\t<div class=\"elementor-widget-container\">\n\t\t\t\t\t<h2 class=\"elementor-heading-title elementor-size-default\">Las manos<\/h2>\t\t\t\t<\/div>\n\t\t\t\t<\/div>\n\t\t\t\t<div class=\"elementor-element elementor-element-460eb5e elementor-widget__width-initial elementor-widget elementor-widget-text-editor\" data-id=\"460eb5e\" data-element_type=\"widget\" data-e-type=\"widget\" data-widget_type=\"text-editor.default\">\n\t\t\t\t<div class=\"elementor-widget-container\">\n\t\t\t\t\t\t\t\t\t<p>Podemos ser todo lo rom\u00e1nticos que queramos, que sin estas manos no ir\u00edamos a ning\u00fan lugar.<\/p>\n\t\t\t\t\t\t\t\t<\/div>\n\t\t\t\t<\/div>\n\t\t\t\t<div class=\"elementor-element elementor-element-b189c58 elementor-widget__width-initial elementor-widget elementor-widget-text-editor\" data-id=\"b189c58\" data-element_type=\"widget\" data-e-type=\"widget\" data-widget_type=\"text-editor.default\">\n\t\t\t\t<div class=\"elementor-widget-container\">\n\t\t\t\t\t\t\t\t\t<p>Aunque no sean las manos m\u00e1s est\u00e9ticas de la Conca de Barbera, son las de un equipo que nos hace tocar de pies a tierra y nos ayuda a construir realidades. Este equipo se conoce cada rinc\u00f3n de los bosques, vi\u00f1edos, sembrados y \u00e1rboles que nos rodean. No precisamente por pasearse, si no por trabajar ma\u00f1ana, tarde y noche un paisaje del que han vivido muchas familias durante generaciones en Mas de la Sabatera.  <\/p>\n\t\t\t\t\t\t\t\t<\/div>\n\t\t\t\t<\/div>\n\t\t\t\t\t<\/div>\n\t\t\t\t<\/div>\n\t\t<div class=\"elementor-element elementor-element-c8ae82a e-grid e-con-boxed e-con e-parent\" data-id=\"c8ae82a\" data-element_type=\"container\" data-e-type=\"container\">\n\t\t\t\t\t<div class=\"e-con-inner\">\n\t\t\t\t<div class=\"elementor-element elementor-element-675b6c6 elementor-position-top elementor-widget elementor-widget-image-box\" data-id=\"675b6c6\" data-element_type=\"widget\" data-e-type=\"widget\" data-widget_type=\"image-box.default\">\n\t\t\t\t<div class=\"elementor-widget-container\">\n\t\t\t\t\t<div class=\"elementor-image-box-wrapper\"><figure class=\"elementor-image-box-img\"><img decoding=\"async\" width=\"800\" height=\"800\" src=\"https:\/\/masdelasabatera.com\/wp-content\/uploads\/2024\/08\/equip-xavi.jpg\" class=\"attachment-full size-full wp-image-620\" alt=\"\" srcset=\"https:\/\/masdelasabatera.com\/wp-content\/uploads\/2024\/08\/equip-xavi.jpg 800w, https:\/\/masdelasabatera.com\/wp-content\/uploads\/2024\/08\/equip-xavi-300x300.jpg 300w, https:\/\/masdelasabatera.com\/wp-content\/uploads\/2024\/08\/equip-xavi-150x150.jpg 150w, https:\/\/masdelasabatera.com\/wp-content\/uploads\/2024\/08\/equip-xavi-768x768.jpg 768w, https:\/\/masdelasabatera.com\/wp-content\/uploads\/2024\/08\/equip-xavi-100x100.jpg 100w\" sizes=\"(max-width: 800px) 100vw, 800px\" \/><\/figure><div class=\"elementor-image-box-content\"><h3 class=\"elementor-image-box-title\">Xavi<\/h3><p class=\"elementor-image-box-description\">El verdadero \u201cboss\u201d, la raz\u00f3n por la que todav\u00eda luchamos a\u00f1o tras a\u00f1o. A pesar de estar jubilado, lo encontrareis arreglando puertas, limpiando bosques o trasteando dentro de la mas\u00eda. <\/p><\/div><\/div>\t\t\t\t<\/div>\n\t\t\t\t<\/div>\n\t\t\t\t<div class=\"elementor-element elementor-element-38b8cdb elementor-position-top elementor-widget elementor-widget-image-box\" data-id=\"38b8cdb\" data-element_type=\"widget\" data-e-type=\"widget\" data-widget_type=\"image-box.default\">\n\t\t\t\t<div class=\"elementor-widget-container\">\n\t\t\t\t\t<div class=\"elementor-image-box-wrapper\"><figure class=\"elementor-image-box-img\"><img decoding=\"async\" width=\"800\" height=\"800\" src=\"https:\/\/masdelasabatera.com\/wp-content\/uploads\/2024\/08\/equip-edu.jpg\" class=\"attachment-full size-full wp-image-617\" alt=\"\" srcset=\"https:\/\/masdelasabatera.com\/wp-content\/uploads\/2024\/08\/equip-edu.jpg 800w, https:\/\/masdelasabatera.com\/wp-content\/uploads\/2024\/08\/equip-edu-300x300.jpg 300w, https:\/\/masdelasabatera.com\/wp-content\/uploads\/2024\/08\/equip-edu-150x150.jpg 150w, https:\/\/masdelasabatera.com\/wp-content\/uploads\/2024\/08\/equip-edu-768x768.jpg 768w, https:\/\/masdelasabatera.com\/wp-content\/uploads\/2024\/08\/equip-edu-100x100.jpg 100w\" sizes=\"(max-width: 800px) 100vw, 800px\" \/><\/figure><div class=\"elementor-image-box-content\"><h3 class=\"elementor-image-box-title\">Edu<\/h3><p class=\"elementor-image-box-description\">Jefe sobre papel, becario en realidad y todo un dramaqueen. Zona de confort es con una copa de vino (o birra) en la mano. Demasiadas ideas para tan pocas vendimias.   <\/p><\/div><\/div>\t\t\t\t<\/div>\n\t\t\t\t<\/div>\n\t\t\t\t<div class=\"elementor-element elementor-element-4e849d2 elementor-position-top elementor-widget elementor-widget-image-box\" data-id=\"4e849d2\" data-element_type=\"widget\" data-e-type=\"widget\" data-widget_type=\"image-box.default\">\n\t\t\t\t<div class=\"elementor-widget-container\">\n\t\t\t\t\t<div class=\"elementor-image-box-wrapper\"><figure class=\"elementor-image-box-img\"><img loading=\"lazy\" decoding=\"async\" width=\"800\" height=\"800\" src=\"https:\/\/masdelasabatera.com\/wp-content\/uploads\/2024\/08\/equip-sergi.jpg\" class=\"attachment-full size-full wp-image-619\" alt=\"\" srcset=\"https:\/\/masdelasabatera.com\/wp-content\/uploads\/2024\/08\/equip-sergi.jpg 800w, https:\/\/masdelasabatera.com\/wp-content\/uploads\/2024\/08\/equip-sergi-300x300.jpg 300w, https:\/\/masdelasabatera.com\/wp-content\/uploads\/2024\/08\/equip-sergi-150x150.jpg 150w, https:\/\/masdelasabatera.com\/wp-content\/uploads\/2024\/08\/equip-sergi-768x768.jpg 768w, https:\/\/masdelasabatera.com\/wp-content\/uploads\/2024\/08\/equip-sergi-100x100.jpg 100w\" sizes=\"(max-width: 800px) 100vw, 800px\" \/><\/figure><div class=\"elementor-image-box-content\"><h3 class=\"elementor-image-box-title\">Sergi<\/h3><p class=\"elementor-image-box-description\">Un verdadero \u00abm\u00e1quina\u00bb, y es que siempre lo encontrar\u00e1 rondando por los vi\u00f1edos, o arreglando cualquier desperfecto. \u00bfSu frase favorita? \u00abEso podr\u00edamos hacerlo a m\u00e1quina.\u00bb  <\/p><\/div><\/div>\t\t\t\t<\/div>\n\t\t\t\t<\/div>\n\t\t\t\t<div class=\"elementor-element elementor-element-ac4ace3 elementor-position-top elementor-widget elementor-widget-image-box\" data-id=\"ac4ace3\" data-element_type=\"widget\" data-e-type=\"widget\" data-widget_type=\"image-box.default\">\n\t\t\t\t<div class=\"elementor-widget-container\">\n\t\t\t\t\t<div class=\"elementor-image-box-wrapper\"><figure class=\"elementor-image-box-img\"><img loading=\"lazy\" decoding=\"async\" width=\"800\" height=\"800\" src=\"https:\/\/masdelasabatera.com\/wp-content\/uploads\/2024\/08\/equip-ramon.jpg\" class=\"attachment-full size-full wp-image-618\" alt=\"\" srcset=\"https:\/\/masdelasabatera.com\/wp-content\/uploads\/2024\/08\/equip-ramon.jpg 800w, https:\/\/masdelasabatera.com\/wp-content\/uploads\/2024\/08\/equip-ramon-300x300.jpg 300w, https:\/\/masdelasabatera.com\/wp-content\/uploads\/2024\/08\/equip-ramon-150x150.jpg 150w, https:\/\/masdelasabatera.com\/wp-content\/uploads\/2024\/08\/equip-ramon-768x768.jpg 768w, https:\/\/masdelasabatera.com\/wp-content\/uploads\/2024\/08\/equip-ramon-100x100.jpg 100w\" sizes=\"(max-width: 800px) 100vw, 800px\" \/><\/figure><div class=\"elementor-image-box-content\"><h3 class=\"elementor-image-box-title\">Ram\u00f3n<\/h3><p class=\"elementor-image-box-description\">No os asust\u00e9is, es todo coraz\u00f3n y ternura; y tampoco nos enga\u00f1emos, a veces asusta un poco, pero en mejores manos no pueden estar los vi\u00f1edos. Siempre con la Boira al lado. <\/p><\/div><\/div>\t\t\t\t<\/div>\n\t\t\t\t<\/div>\n\t\t\t\t<div class=\"elementor-element elementor-element-3bde1c0 elementor-position-top elementor-widget elementor-widget-image-box\" data-id=\"3bde1c0\" data-element_type=\"widget\" data-e-type=\"widget\" data-widget_type=\"image-box.default\">\n\t\t\t\t<div class=\"elementor-widget-container\">\n\t\t\t\t\t<div class=\"elementor-image-box-wrapper\"><figure class=\"elementor-image-box-img\"><img loading=\"lazy\" decoding=\"async\" width=\"800\" height=\"800\" src=\"https:\/\/masdelasabatera.com\/wp-content\/uploads\/2024\/10\/equip-boira.jpg\" class=\"attachment-full size-full wp-image-1454\" alt=\"\" srcset=\"https:\/\/masdelasabatera.com\/wp-content\/uploads\/2024\/10\/equip-boira.jpg 800w, https:\/\/masdelasabatera.com\/wp-content\/uploads\/2024\/10\/equip-boira-300x300.jpg 300w, https:\/\/masdelasabatera.com\/wp-content\/uploads\/2024\/10\/equip-boira-150x150.jpg 150w, https:\/\/masdelasabatera.com\/wp-content\/uploads\/2024\/10\/equip-boira-768x768.jpg 768w, https:\/\/masdelasabatera.com\/wp-content\/uploads\/2024\/10\/equip-boira-100x100.jpg 100w\" sizes=\"(max-width: 800px) 100vw, 800px\" \/><\/figure><div class=\"elementor-image-box-content\"><h3 class=\"elementor-image-box-title\">Boira<\/h3><p class=\"elementor-image-box-description\">No nos olvidemos de la verdadera guardiana de esta mas\u00eda. No pasa ning\u00fan conejo entre las cepas sin que ella d\u00e9 su permiso. Siempre junto a Ram\u00f3n.  <\/p><\/div><\/div>\t\t\t\t<\/div>\n\t\t\t\t<\/div>\n\t\t\t\t\t<\/div>\n\t\t\t\t<\/div>\n\t\t\t\t<\/div>\n\t\t","protected":false},"excerpt":{"rendered":"<p>Qui\u00e9nes somos Nosotros El coraz\u00f3n Ayer generaciones y generaciones, hoy padre e hijo. No hemos encontrado el esp\u00edritu santo todav\u00eda, pero si sabemos donde est\u00e1 el coraz\u00f3n detr\u00e1s de este proyecto. \u00abEn el 2020 mi padre, Xavi, me pregunt\u00f3 que si tanto me gusta el vino por qu\u00e9 no empez\u00e1bamos a hacerlo nosotros mismos con [&hellip;]<\/p>\n","protected":false},"author":2,"featured_media":0,"parent":0,"menu_order":0,"comment_status":"closed","ping_status":"closed","template":"elementor_header_footer","meta":{"footnotes":""},"class_list":["post-1195","page","type-page","status-publish","hentry"],"yoast_head":"<!-- This site is optimized with the Yoast SEO plugin v27.2 - https:\/\/yoast.com\/product\/yoast-seo-wordpress\/ -->\n<title>Qui\u00e9nes somos - Mas de la Sabatera<\/title>\n<meta name=\"description\" content=\"Conoce al equipo de Mas de la Sabatera, una peque\u00f1a bodega familiar dedicada a la vinicultura natural. Descubre las manos que trabajan nuestra uva, desde la experiencia generacional hasta el amor por la tierra. Una bodega con coraz\u00f3n, pasi\u00f3n y compromiso con la calidad.\" \/>\n<meta name=\"robots\" content=\"index, follow, max-snippet:-1, max-image-preview:large, max-video-preview:-1\" \/>\n<link rel=\"canonical\" href=\"https:\/\/masdelasabatera.com\/es\/quienes-somos\/\" \/>\n<meta property=\"og:locale\" content=\"es_ES\" \/>\n<meta property=\"og:type\" content=\"article\" \/>\n<meta property=\"og:title\" content=\"Qui\u00e9nes somos - Mas de la Sabatera\" \/>\n<meta property=\"og:description\" content=\"Conoce al equipo de Mas de la Sabatera, una peque\u00f1a bodega familiar dedicada a la vinicultura natural. Descubre las manos que trabajan nuestra uva, desde la experiencia generacional hasta el amor por la tierra. Una bodega con coraz\u00f3n, pasi\u00f3n y compromiso con la calidad.\" \/>\n<meta property=\"og:url\" content=\"https:\/\/masdelasabatera.com\/es\/quienes-somos\/\" \/>\n<meta property=\"og:site_name\" content=\"Mas de la Sabatera\" \/>\n<meta property=\"article:modified_time\" content=\"2025-06-16T10:18:49+00:00\" \/>\n<meta property=\"og:image\" content=\"https:\/\/masdelasabatera.com\/wp-content\/uploads\/2024\/08\/nosaltres-familia-mas-de-la-sabatera.jpg\" \/>\n\t<meta property=\"og:image:width\" content=\"2200\" \/>\n\t<meta property=\"og:image:height\" content=\"1467\" \/>\n\t<meta property=\"og:image:type\" content=\"image\/jpeg\" \/>\n<meta name=\"twitter:card\" content=\"summary_large_image\" \/>\n<meta name=\"twitter:label1\" content=\"Tiempo de lectura\" \/>\n\t<meta name=\"twitter:data1\" content=\"2 minutos\" \/>\n<script type=\"application\/ld+json\" class=\"yoast-schema-graph\">{\"@context\":\"https:\/\/schema.org\",\"@graph\":[{\"@type\":\"WebPage\",\"@id\":\"https:\/\/masdelasabatera.com\/es\/quienes-somos\/\",\"url\":\"https:\/\/masdelasabatera.com\/es\/quienes-somos\/\",\"name\":\"Qui\u00e9nes somos - Mas de la Sabatera\",\"isPartOf\":{\"@id\":\"https:\/\/masdelasabatera.com\/es\/#website\"},\"primaryImageOfPage\":{\"@id\":\"https:\/\/masdelasabatera.com\/es\/quienes-somos\/#primaryimage\"},\"image\":{\"@id\":\"https:\/\/masdelasabatera.com\/es\/quienes-somos\/#primaryimage\"},\"thumbnailUrl\":\"https:\/\/masdelasabatera.com\/wp-content\/uploads\/2024\/08\/nosaltres-familia-mas-de-la-sabatera.jpg\",\"datePublished\":\"2024-07-15T16:39:30+00:00\",\"dateModified\":\"2025-06-16T10:18:49+00:00\",\"description\":\"Conoce al equipo de Mas de la Sabatera, una peque\u00f1a bodega familiar dedicada a la vinicultura natural. Descubre las manos que trabajan nuestra uva, desde la experiencia generacional hasta el amor por la tierra. Una bodega con coraz\u00f3n, pasi\u00f3n y compromiso con la calidad.\",\"breadcrumb\":{\"@id\":\"https:\/\/masdelasabatera.com\/es\/quienes-somos\/#breadcrumb\"},\"inLanguage\":\"es\",\"potentialAction\":[{\"@type\":\"ReadAction\",\"target\":[\"https:\/\/masdelasabatera.com\/es\/quienes-somos\/\"]}]},{\"@type\":\"ImageObject\",\"inLanguage\":\"es\",\"@id\":\"https:\/\/masdelasabatera.com\/es\/quienes-somos\/#primaryimage\",\"url\":\"https:\/\/masdelasabatera.com\/wp-content\/uploads\/2024\/08\/nosaltres-familia-mas-de-la-sabatera.jpg\",\"contentUrl\":\"https:\/\/masdelasabatera.com\/wp-content\/uploads\/2024\/08\/nosaltres-familia-mas-de-la-sabatera.jpg\"},{\"@type\":\"BreadcrumbList\",\"@id\":\"https:\/\/masdelasabatera.com\/es\/quienes-somos\/#breadcrumb\",\"itemListElement\":[{\"@type\":\"ListItem\",\"position\":1,\"name\":\"Inici\",\"item\":\"https:\/\/masdelasabatera.com\/es\/mas-de-la-sabatera\/\"},{\"@type\":\"ListItem\",\"position\":2,\"name\":\"Qui\u00e9nes somos\"}]},{\"@type\":\"WebSite\",\"@id\":\"https:\/\/masdelasabatera.com\/es\/#website\",\"url\":\"https:\/\/masdelasabatera.com\/es\/\",\"name\":\"Mas de la Sabatera\",\"description\":\"\",\"publisher\":{\"@id\":\"https:\/\/masdelasabatera.com\/es\/#organization\"},\"potentialAction\":[{\"@type\":\"SearchAction\",\"target\":{\"@type\":\"EntryPoint\",\"urlTemplate\":\"https:\/\/masdelasabatera.com\/es\/?s={search_term_string}\"},\"query-input\":{\"@type\":\"PropertyValueSpecification\",\"valueRequired\":true,\"valueName\":\"search_term_string\"}}],\"inLanguage\":\"es\"},{\"@type\":\"Organization\",\"@id\":\"https:\/\/masdelasabatera.com\/es\/#organization\",\"name\":\"Mas de la Sabatera\",\"url\":\"https:\/\/masdelasabatera.com\/es\/\",\"logo\":{\"@type\":\"ImageObject\",\"inLanguage\":\"es\",\"@id\":\"https:\/\/masdelasabatera.com\/es\/#\/schema\/logo\/image\/\",\"url\":\"https:\/\/masdelasabatera.com\/wp-content\/uploads\/2024\/02\/logo-mas-sabatera-copa-torre.png\",\"contentUrl\":\"https:\/\/masdelasabatera.com\/wp-content\/uploads\/2024\/02\/logo-mas-sabatera-copa-torre.png\",\"width\":800,\"height\":1049,\"caption\":\"Mas de la Sabatera\"},\"image\":{\"@id\":\"https:\/\/masdelasabatera.com\/es\/#\/schema\/logo\/image\/\"}}]}<\/script>\n<!-- \/ Yoast SEO plugin. -->","yoast_head_json":{"title":"Qui\u00e9nes somos - Mas de la Sabatera","description":"Conoce al equipo de Mas de la Sabatera, una peque\u00f1a bodega familiar dedicada a la vinicultura natural. Descubre las manos que trabajan nuestra uva, desde la experiencia generacional hasta el amor por la tierra. Una bodega con coraz\u00f3n, pasi\u00f3n y compromiso con la calidad.","robots":{"index":"index","follow":"follow","max-snippet":"max-snippet:-1","max-image-preview":"max-image-preview:large","max-video-preview":"max-video-preview:-1"},"canonical":"https:\/\/masdelasabatera.com\/es\/quienes-somos\/","og_locale":"es_ES","og_type":"article","og_title":"Qui\u00e9nes somos - Mas de la Sabatera","og_description":"Conoce al equipo de Mas de la Sabatera, una peque\u00f1a bodega familiar dedicada a la vinicultura natural. Descubre las manos que trabajan nuestra uva, desde la experiencia generacional hasta el amor por la tierra. Una bodega con coraz\u00f3n, pasi\u00f3n y compromiso con la calidad.","og_url":"https:\/\/masdelasabatera.com\/es\/quienes-somos\/","og_site_name":"Mas de la Sabatera","article_modified_time":"2025-06-16T10:18:49+00:00","og_image":[{"width":2200,"height":1467,"url":"https:\/\/masdelasabatera.com\/wp-content\/uploads\/2024\/08\/nosaltres-familia-mas-de-la-sabatera.jpg","type":"image\/jpeg"}],"twitter_card":"summary_large_image","twitter_misc":{"Tiempo de lectura":"2 minutos"},"schema":{"@context":"https:\/\/schema.org","@graph":[{"@type":"WebPage","@id":"https:\/\/masdelasabatera.com\/es\/quienes-somos\/","url":"https:\/\/masdelasabatera.com\/es\/quienes-somos\/","name":"Qui\u00e9nes somos - Mas de la Sabatera","isPartOf":{"@id":"https:\/\/masdelasabatera.com\/es\/#website"},"primaryImageOfPage":{"@id":"https:\/\/masdelasabatera.com\/es\/quienes-somos\/#primaryimage"},"image":{"@id":"https:\/\/masdelasabatera.com\/es\/quienes-somos\/#primaryimage"},"thumbnailUrl":"https:\/\/masdelasabatera.com\/wp-content\/uploads\/2024\/08\/nosaltres-familia-mas-de-la-sabatera.jpg","datePublished":"2024-07-15T16:39:30+00:00","dateModified":"2025-06-16T10:18:49+00:00","description":"Conoce al equipo de Mas de la Sabatera, una peque\u00f1a bodega familiar dedicada a la vinicultura natural. Descubre las manos que trabajan nuestra uva, desde la experiencia generacional hasta el amor por la tierra. Una bodega con coraz\u00f3n, pasi\u00f3n y compromiso con la calidad.","breadcrumb":{"@id":"https:\/\/masdelasabatera.com\/es\/quienes-somos\/#breadcrumb"},"inLanguage":"es","potentialAction":[{"@type":"ReadAction","target":["https:\/\/masdelasabatera.com\/es\/quienes-somos\/"]}]},{"@type":"ImageObject","inLanguage":"es","@id":"https:\/\/masdelasabatera.com\/es\/quienes-somos\/#primaryimage","url":"https:\/\/masdelasabatera.com\/wp-content\/uploads\/2024\/08\/nosaltres-familia-mas-de-la-sabatera.jpg","contentUrl":"https:\/\/masdelasabatera.com\/wp-content\/uploads\/2024\/08\/nosaltres-familia-mas-de-la-sabatera.jpg"},{"@type":"BreadcrumbList","@id":"https:\/\/masdelasabatera.com\/es\/quienes-somos\/#breadcrumb","itemListElement":[{"@type":"ListItem","position":1,"name":"Inici","item":"https:\/\/masdelasabatera.com\/es\/mas-de-la-sabatera\/"},{"@type":"ListItem","position":2,"name":"Qui\u00e9nes somos"}]},{"@type":"WebSite","@id":"https:\/\/masdelasabatera.com\/es\/#website","url":"https:\/\/masdelasabatera.com\/es\/","name":"Mas de la Sabatera","description":"","publisher":{"@id":"https:\/\/masdelasabatera.com\/es\/#organization"},"potentialAction":[{"@type":"SearchAction","target":{"@type":"EntryPoint","urlTemplate":"https:\/\/masdelasabatera.com\/es\/?s={search_term_string}"},"query-input":{"@type":"PropertyValueSpecification","valueRequired":true,"valueName":"search_term_string"}}],"inLanguage":"es"},{"@type":"Organization","@id":"https:\/\/masdelasabatera.com\/es\/#organization","name":"Mas de la Sabatera","url":"https:\/\/masdelasabatera.com\/es\/","logo":{"@type":"ImageObject","inLanguage":"es","@id":"https:\/\/masdelasabatera.com\/es\/#\/schema\/logo\/image\/","url":"https:\/\/masdelasabatera.com\/wp-content\/uploads\/2024\/02\/logo-mas-sabatera-copa-torre.png","contentUrl":"https:\/\/masdelasabatera.com\/wp-content\/uploads\/2024\/02\/logo-mas-sabatera-copa-torre.png","width":800,"height":1049,"caption":"Mas de la Sabatera"},"image":{"@id":"https:\/\/masdelasabatera.com\/es\/#\/schema\/logo\/image\/"}}]}},"_links":{"self":[{"href":"https:\/\/masdelasabatera.com\/es\/wp-json\/wp\/v2\/pages\/1195","targetHints":{"allow":["GET"]}}],"collection":[{"href":"https:\/\/masdelasabatera.com\/es\/wp-json\/wp\/v2\/pages"}],"about":[{"href":"https:\/\/masdelasabatera.com\/es\/wp-json\/wp\/v2\/types\/page"}],"author":[{"embeddable":true,"href":"https:\/\/masdelasabatera.com\/es\/wp-json\/wp\/v2\/users\/2"}],"replies":[{"embeddable":true,"href":"https:\/\/masdelasabatera.com\/es\/wp-json\/wp\/v2\/comments?post=1195"}],"version-history":[{"count":7,"href":"https:\/\/masdelasabatera.com\/es\/wp-json\/wp\/v2\/pages\/1195\/revisions"}],"predecessor-version":[{"id":2072,"href":"https:\/\/masdelasabatera.com\/es\/wp-json\/wp\/v2\/pages\/1195\/revisions\/2072"}],"wp:attachment":[{"href":"https:\/\/masdelasabatera.com\/es\/wp-json\/wp\/v2\/media?parent=1195"}],"curies":[{"name":"wp","href":"https:\/\/api.w.org\/{rel}","templated":true}]}}